{"id":34042,"date":"2024-11-15T09:55:34","date_gmt":"2024-11-15T08:55:34","guid":{"rendered":"https:\/\/www.verpoucke.com\/job\/junior-coordinator-onderhoud-dag-3363\/"},"modified":"2024-11-15T09:55:34","modified_gmt":"2024-11-15T08:55:34","slug":"junior-coordinator-onderhoud-dag-3363","status":"publish","type":"matador-job-listings","link":"https:\/\/www.verpoucke.com\/fr\/job\/junior-coordinator-onderhoud-dag-3363\/","title":{"rendered":"Junior Co\u00f6rdinator Onderhoud Dag"},"content":{"rendered":" <ul class=\"matador-job-meta matador-job-meta-job-34042 matador-job-meta-default\"> <li class=\"matador-job-meta-field matador-job-field-bullhorn_job_id matador-job-field-value-3363\"> <span class=\"matador-job-meta-label\">Travail<\/span> <span class=\"matador-job-meta-value\">#3363<\/span> <\/li> <\/ul> <p><span><span><span>Je ondersteunt het technische team en organiseert het preventief onderhoud. Bij <strong>Westfro<\/strong> kom je terecht in een hands-on en familiaal bedrijf.<\/span><\/span><\/span><\/p> <h3><span><span><strong><span><span>WAAR WERK JE AAN MEE?<\/span><\/span><\/strong><\/span><\/span><\/h3> <p><span><span><span>In de <strong>productiehallen<\/strong> bereid je de machines voor en ondersteun je de techniekers, daarnaast sta je in voor het <strong>administratieve<\/strong> luik zoals het registreren van de onderhoudswerken en de aankoop van onderdelen.<\/span><\/p> <p>Concreet omvat jouw job als <strong>Werkvoorbereider Onderhoud<\/strong> in Staden: <\/span><\/span><\/p> <ul> <li> <p><span><span><strong>Preventief onderhoudsplan<\/strong> uitrollen, opvolgen en registreren<\/span><\/span><\/p> <li> <p><span><span><strong>Machines<\/strong> voorbereiden voor productie<\/span><\/span><\/p> <li> <p><span><span>Marktonderzoek en <strong>bestellen<\/strong> van onderdelen<\/span><\/span><\/p> <li> <p><span><span>Meedenken aan de continue technische verbetering<\/span><\/span><\/p> <li><span><span><strong>Facilitair onderhoud<\/strong> en keuringen co\u00f6rdineren<\/span><\/span> <\/ul> <h3><span><span><strong><span><span>VOORDELEN VOOR JOU<\/span><\/span><\/strong><\/span><\/span><\/h3> <ul> <li> <p><span><span><strong>Aantrekkelijk salarispakket<\/strong> afhankelijk van ervaring en competentie<\/span><\/span><\/p> <li> <p><span><span>20 vakantiedagen + ADV-dagen<\/span><\/span><\/p> <li> <p><span><span>Vast contract voor onbepaalde duur<\/span><\/span><\/p> <li> <p><span><span><strong>Grote productielijnen<\/strong> met verschillende technieken<\/span><\/span><\/p> <li> <p><span><span>Filevrije omgeving, parking<\/span><\/span><\/p> <li> <p><span><span>Modern machinepark met geautomatiseerde productielijnen<\/span><\/span><\/p> <li> <p><span><span><strong>Familiebedrijf<\/strong>, korte communicatielijnen, no-nonsense aanpak<\/span><\/span><\/p> <\/ul> <h3><span><span><strong><span><span>WAT IS JOUW MEERWAARDE?<\/span><\/span><\/strong><\/span><\/span><\/h3> <p><span><span>Jouw meerwaarde voor de vacature van Werkvoorbereider Onderhoud:<\/span><\/span><\/p> <ul> <li> <p><span><span><strong>A2<\/strong> of <strong>Bachelor<\/strong> in technische richting<\/span><\/span><\/p> <li> <p><span><span>Goede technische kennis: <strong>elektromechanica, mechanica, <\/strong>industri\u00eble elektriciteit<\/span><\/span><\/p> <li> <p><span><span>Relevante ervaring in industri\u00eble sector, <strong>voedingssector<\/strong><\/span><\/span><\/p> <li> <p><span><span>Vlotte kennis <strong>Nederlands<\/strong>, met goeie basis <strong>Frans<\/strong> en Engels<\/span><\/span><\/p> <li> <p><span><span>Hands-on, praktisch, flexibel, teamplayer<\/span><\/span><\/p> <\/ul> <h3><span><span><strong><span><span>WAAR START JE?<\/span><\/span><\/strong><\/span><\/span><\/h3> <p><span><span><span>Westfro, een <strong>familiebedrijf<\/strong> opgericht in 1970 en ondertussen geleid door de derde generatie, is een toonaangevende speler in de <strong>voedingsindustrie<\/strong>. Met een team van 130 vaste medewerkers verwerken zij dagelijks dagverse groenten rechtstreeks van het veld tot afgewerkte <strong>diepvriesproducten<\/strong>, dit zowel voor hun eigen merk als voor private label.<\/span><\/span><\/span><br \/> <span><span><span>Hun <strong>ultramoderne productie-, diepvries- en verpakkingsafdeling<\/strong> gecombineerd met heel wat kennis en ervaring binnen hun trouw team zorgt voor kwaliteit, snelle verwerking en optimale service. <\/span><\/span><\/span><\/p> <p><span><span><em><span><span>* Deze rekrutering verloopt in exclusief contract met Verpoucke.<\/span><\/span><\/em><\/span><\/span><\/p> <h3><span><span><strong><span><span>LET\u2019S DO THIS!<\/span><\/span><\/strong><\/span><\/span><\/h3> <p><span><span>Interesse in deze vacature van Werkvoorbereider Onderhoud? Solliciteer online of neem gerust contact op met\u00a0<strong>Yannah Decleir\u00a0<\/strong>voor meer info via <strong>+3226162068<\/strong><\/span><\/span><\/p> <p><span><span>Plaats tewerkstelling: Grote Veldstraat 114 \u2013 8840 Staden<\/span><\/span><\/p> <p><span><span>#werkvoorbereider #onderhoud #werkvoorbereideronderhoud #preventiefonderhoud #aankoop #productie #voedingsindustrie #diepvriesgroenten #elektromechanica #mechanica #maintenanceco\u00f6rdinator #onderhoudsco\u00f6rdinator #industri\u00ebleelektriciteit #technischeondersteuning #machinevoorbereiding #facility #job #verpoucke <a href=\"https:\/\/www.linkedin.com\/feed\/hashtag\/?keywords=vacature&amp;highlightedUpdateUrns=urn%3Ali%3Aactivity%3A6917374013308596224\">#vacature<\/a> <a href=\"https:\/\/www.linkedin.com\/feed\/hashtag\/?keywords=vacatures&amp;highlightedUpdateUrns=urn%3Ali%3Aactivity%3A6917374013308596224\">#vacatures<\/a> <a href=\"https:\/\/www.linkedin.com\/feed\/hashtag\/?keywords=vacaturevrijdag&amp;highlightedUpdateUrns=urn%3Ali%3Aactivity%3A6917374013308596224\">#vacaturevrijdag<\/a> <a href=\"https:\/\/www.linkedin.com\/feed\/hashtag\/?keywords=vacaturealert&amp;highlightedUpdateUrns=urn%3Ali%3Aactivity%3A6917374013308596224\">#vacaturealert<\/a> <a href=\"https:\/\/www.linkedin.com\/feed\/hashtag\/?keywords=jobs&amp;highlightedUpdateUrns=urn%3Ali%3Aactivity%3A6917374013308596224\">#jobs<\/a> <a href=\"https:\/\/www.linkedin.com\/feed\/hashtag\/?keywords=werkenbij&amp;highlightedUpdateUrns=urn%3Ali%3Aactivity%3A6917374013308596224\">#werkenbij<\/a> <a href=\"https:\/\/www.linkedin.com\/feed\/hashtag\/?keywords=werken&amp;highlightedUpdateUrns=urn%3Ali%3Aactivity%3A6917374013308596224\">#werken<\/a> <a href=\"https:\/\/www.linkedin.com\/feed\/hashtag\/?keywords=solliciteren&amp;highlightedUpdateUrns=urn%3Ali%3Aactivity%3A6917374013308596224\">#solliciteren<\/a> <a href=\"https:\/\/www.linkedin.com\/feed\/hashtag\/?keywords=solliciteer&amp;highlightedUpdateUrns=urn%3Ali%3Aactivity%3A6917374013308596224\">#solliciteer<\/a> <a href=\"https:\/\/www.linkedin.com\/feed\/hashtag\/?keywords=sollicitatie&amp;highlightedUpdateUrns=urn%3Ali%3Aactivity%3A6917374013308596224\">#sollicitatie<\/a> <a href=\"https:\/\/www.linkedin.com\/feed\/hashtag\/?keywords=hiring&amp;highlightedUpdateUrns=urn%3Ali%3Aactivity%3A6917374013308596224\">#hiring<\/a><\/span><\/span><\/p> <nav class=\"matador-job-navigation\"> <ul> <li> <a href=\"https:\/\/www.verpoucke.com\/fr\/job\/junior-coordinator-onderhoud-dag-3363\/\" rel=\"button\" class=\"matador-button\" title=\"Appliquer maintenant\">Appliquer maintenant<\/a> <\/li> <\/ul> <\/nav> ","protected":false},"excerpt":{"rendered":"<p>Travail #3363 Je ondersteunt het technische team en organiseert het preventief onderhoud. Bij Westfro kom je terecht in een hands-on en familiaal bedrijf. WAAR WERK JE AAN MEE? In de productiehallen bereid je de machines voor en ondersteun je de techniekers, daarnaast sta je in voor het administratieve luik zoals het registreren van de onderhoudswerken [&hellip;]<\/p>\n","protected":false},"template":"","meta":{"_acf_changed":false,"_matador_source_id":"3363"},"matador-categories":[],"matador-locations":[],"matador-types":[],"matador-locatie-nl":[],"matador-werkritme-nl":[],"matador-diploma-nl":[],"matador-industries":[],"class_list":["post-34042","matador-job-listings","type-matador-job-listings","status-publish","hentry"],"acf":[],"yoast_head":"<!-- This site is optimized with the Yoast SEO plugin v27.5 - https:\/\/yoast.com\/product\/yoast-seo-wordpress\/ -->\n<title>Junior Co\u00f6rdinator Onderhoud Dag - Verpoucke<\/title>\n<meta name=\"robots\" content=\"index, follow, max-snippet:-1, max-image-preview:large, max-video-preview:-1\" \/>\n<link rel=\"canonical\" href=\"https:\/\/www.verpoucke.com\/fr\/job\/junior-coordinator-onderhoud-dag-3363\/\" \/>\n<meta property=\"og:locale\" content=\"fr_FR\" \/>\n<meta property=\"og:type\" content=\"article\" \/>\n<meta property=\"og:title\" content=\"Junior Co\u00f6rdinator Onderhoud Dag - Verpoucke\" \/>\n<meta property=\"og:description\" content=\"Travail #3363 Je ondersteunt het technische team en organiseert het preventief onderhoud. Bij Westfro kom je terecht in een hands-on en familiaal bedrijf. WAAR WERK JE AAN MEE? In de productiehallen bereid je de machines voor en ondersteun je de techniekers, daarnaast sta je in voor het administratieve luik zoals het registreren van de onderhoudswerken [&hellip;]\" \/>\n<meta property=\"og:url\" content=\"https:\/\/www.verpoucke.com\/fr\/job\/junior-coordinator-onderhoud-dag-3363\/\" \/>\n<meta property=\"og:site_name\" content=\"Verpoucke\" \/>\n<meta property=\"article:publisher\" content=\"https:\/\/www.facebook.com\/Verpoucke?locale=nl_BE\" \/>\n<meta name=\"twitter:card\" content=\"summary_large_image\" \/>\n<meta name=\"twitter:label1\" content=\"Dur\u00e9e de lecture estim\u00e9e\" \/>\n\t<meta name=\"twitter:data1\" content=\"2 minutes\" \/>\n<script type=\"application\/ld+json\" class=\"yoast-schema-graph\">{\"@context\":\"https:\\\/\\\/schema.org\",\"@graph\":[{\"@type\":\"WebPage\",\"@id\":\"https:\\\/\\\/www.verpoucke.com\\\/fr\\\/job\\\/junior-coordinator-onderhoud-dag-3363\\\/\",\"url\":\"https:\\\/\\\/www.verpoucke.com\\\/fr\\\/job\\\/junior-coordinator-onderhoud-dag-3363\\\/\",\"name\":\"Junior Co\u00f6rdinator Onderhoud Dag - Verpoucke\",\"isPartOf\":{\"@id\":\"https:\\\/\\\/www.verpoucke.com\\\/fr\\\/#website\"},\"datePublished\":\"2024-11-15T08:55:34+00:00\",\"breadcrumb\":{\"@id\":\"https:\\\/\\\/www.verpoucke.com\\\/fr\\\/job\\\/junior-coordinator-onderhoud-dag-3363\\\/#breadcrumb\"},\"inLanguage\":\"fr-FR\",\"potentialAction\":[{\"@type\":\"ReadAction\",\"target\":[\"https:\\\/\\\/www.verpoucke.com\\\/fr\\\/job\\\/junior-coordinator-onderhoud-dag-3363\\\/\"]}]},{\"@type\":\"BreadcrumbList\",\"@id\":\"https:\\\/\\\/www.verpoucke.com\\\/fr\\\/job\\\/junior-coordinator-onderhoud-dag-3363\\\/#breadcrumb\",\"itemListElement\":[{\"@type\":\"ListItem\",\"position\":1,\"name\":\"Home\",\"item\":\"https:\\\/\\\/www.verpoucke.com\\\/fr\\\/\"},{\"@type\":\"ListItem\",\"position\":2,\"name\":\"Liste des offres d&#039;emploi\",\"item\":\"https:\\\/\\\/www.verpoucke.com\\\/fr\\\/job\\\/\"},{\"@type\":\"ListItem\",\"position\":3,\"name\":\"Junior Co\u00f6rdinator Onderhoud Dag\"}]},{\"@type\":\"WebSite\",\"@id\":\"https:\\\/\\\/www.verpoucke.com\\\/fr\\\/#website\",\"url\":\"https:\\\/\\\/www.verpoucke.com\\\/fr\\\/\",\"name\":\"Verpoucke\",\"description\":\"\",\"publisher\":{\"@id\":\"https:\\\/\\\/www.verpoucke.com\\\/fr\\\/#organization\"},\"potentialAction\":[{\"@type\":\"SearchAction\",\"target\":{\"@type\":\"EntryPoint\",\"urlTemplate\":\"https:\\\/\\\/www.verpoucke.com\\\/fr\\\/?s={search_term_string}\"},\"query-input\":{\"@type\":\"PropertyValueSpecification\",\"valueRequired\":true,\"valueName\":\"search_term_string\"}}],\"inLanguage\":\"fr-FR\"},{\"@type\":\"Organization\",\"@id\":\"https:\\\/\\\/www.verpoucke.com\\\/fr\\\/#organization\",\"name\":\"Verpoucke\",\"url\":\"https:\\\/\\\/www.verpoucke.com\\\/fr\\\/\",\"logo\":{\"@type\":\"ImageObject\",\"inLanguage\":\"fr-FR\",\"@id\":\"https:\\\/\\\/www.verpoucke.com\\\/fr\\\/#\\\/schema\\\/logo\\\/image\\\/\",\"url\":\"https:\\\/\\\/www.verpoucke.com\\\/wp-content\\\/uploads\\\/2020\\\/11\\\/logo-verpoucke.svg\",\"contentUrl\":\"https:\\\/\\\/www.verpoucke.com\\\/wp-content\\\/uploads\\\/2020\\\/11\\\/logo-verpoucke.svg\",\"caption\":\"Verpoucke\"},\"image\":{\"@id\":\"https:\\\/\\\/www.verpoucke.com\\\/fr\\\/#\\\/schema\\\/logo\\\/image\\\/\"},\"sameAs\":[\"https:\\\/\\\/www.facebook.com\\\/Verpoucke?locale=nl_BE\",\"https:\\\/\\\/www.instagram.com\\\/verpoucke_hrpartner\\\/\",\"https:\\\/\\\/www.linkedin.com\\\/company\\\/verpoucke\\\/?viewAsMember=true\"]}]}<\/script>\n<!-- \/ Yoast SEO plugin. -->","yoast_head_json":{"title":"Junior Co\u00f6rdinator Onderhoud Dag - Verpoucke","robots":{"index":"index","follow":"follow","max-snippet":"max-snippet:-1","max-image-preview":"max-image-preview:large","max-video-preview":"max-video-preview:-1"},"canonical":"https:\/\/www.verpoucke.com\/fr\/job\/junior-coordinator-onderhoud-dag-3363\/","og_locale":"fr_FR","og_type":"article","og_title":"Junior Co\u00f6rdinator Onderhoud Dag - Verpoucke","og_description":"Travail #3363 Je ondersteunt het technische team en organiseert het preventief onderhoud. Bij Westfro kom je terecht in een hands-on en familiaal bedrijf. WAAR WERK JE AAN MEE? In de productiehallen bereid je de machines voor en ondersteun je de techniekers, daarnaast sta je in voor het administratieve luik zoals het registreren van de onderhoudswerken [&hellip;]","og_url":"https:\/\/www.verpoucke.com\/fr\/job\/junior-coordinator-onderhoud-dag-3363\/","og_site_name":"Verpoucke","article_publisher":"https:\/\/www.facebook.com\/Verpoucke?locale=nl_BE","twitter_card":"summary_large_image","twitter_misc":{"Dur\u00e9e de lecture estim\u00e9e":"2 minutes"},"schema":{"@context":"https:\/\/schema.org","@graph":[{"@type":"WebPage","@id":"https:\/\/www.verpoucke.com\/fr\/job\/junior-coordinator-onderhoud-dag-3363\/","url":"https:\/\/www.verpoucke.com\/fr\/job\/junior-coordinator-onderhoud-dag-3363\/","name":"Junior Co\u00f6rdinator Onderhoud Dag - Verpoucke","isPartOf":{"@id":"https:\/\/www.verpoucke.com\/fr\/#website"},"datePublished":"2024-11-15T08:55:34+00:00","breadcrumb":{"@id":"https:\/\/www.verpoucke.com\/fr\/job\/junior-coordinator-onderhoud-dag-3363\/#breadcrumb"},"inLanguage":"fr-FR","potentialAction":[{"@type":"ReadAction","target":["https:\/\/www.verpoucke.com\/fr\/job\/junior-coordinator-onderhoud-dag-3363\/"]}]},{"@type":"BreadcrumbList","@id":"https:\/\/www.verpoucke.com\/fr\/job\/junior-coordinator-onderhoud-dag-3363\/#breadcrumb","itemListElement":[{"@type":"ListItem","position":1,"name":"Home","item":"https:\/\/www.verpoucke.com\/fr\/"},{"@type":"ListItem","position":2,"name":"Liste des offres d&#039;emploi","item":"https:\/\/www.verpoucke.com\/fr\/job\/"},{"@type":"ListItem","position":3,"name":"Junior Co\u00f6rdinator Onderhoud Dag"}]},{"@type":"WebSite","@id":"https:\/\/www.verpoucke.com\/fr\/#website","url":"https:\/\/www.verpoucke.com\/fr\/","name":"Verpoucke","description":"","publisher":{"@id":"https:\/\/www.verpoucke.com\/fr\/#organization"},"potentialAction":[{"@type":"SearchAction","target":{"@type":"EntryPoint","urlTemplate":"https:\/\/www.verpoucke.com\/fr\/?s={search_term_string}"},"query-input":{"@type":"PropertyValueSpecification","valueRequired":true,"valueName":"search_term_string"}}],"inLanguage":"fr-FR"},{"@type":"Organization","@id":"https:\/\/www.verpoucke.com\/fr\/#organization","name":"Verpoucke","url":"https:\/\/www.verpoucke.com\/fr\/","logo":{"@type":"ImageObject","inLanguage":"fr-FR","@id":"https:\/\/www.verpoucke.com\/fr\/#\/schema\/logo\/image\/","url":"https:\/\/www.verpoucke.com\/wp-content\/uploads\/2020\/11\/logo-verpoucke.svg","contentUrl":"https:\/\/www.verpoucke.com\/wp-content\/uploads\/2020\/11\/logo-verpoucke.svg","caption":"Verpoucke"},"image":{"@id":"https:\/\/www.verpoucke.com\/fr\/#\/schema\/logo\/image\/"},"sameAs":["https:\/\/www.facebook.com\/Verpoucke?locale=nl_BE","https:\/\/www.instagram.com\/verpoucke_hrpartner\/","https:\/\/www.linkedin.com\/company\/verpoucke\/?viewAsMember=true"]}]}},"_links":{"self":[{"href":"https:\/\/www.verpoucke.com\/fr\/wp-json\/wp\/v2\/matador-job-listings\/34042","targetHints":{"allow":["GET"]}}],"collection":[{"href":"https:\/\/www.verpoucke.com\/fr\/wp-json\/wp\/v2\/matador-job-listings"}],"about":[{"href":"https:\/\/www.verpoucke.com\/fr\/wp-json\/wp\/v2\/types\/matador-job-listings"}],"version-history":[{"count":0,"href":"https:\/\/www.verpoucke.com\/fr\/wp-json\/wp\/v2\/matador-job-listings\/34042\/revisions"}],"wp:attachment":[{"href":"https:\/\/www.verpoucke.com\/fr\/wp-json\/wp\/v2\/media?parent=34042"}],"wp:term":[{"taxonomy":"matador-categories","embeddable":true,"href":"https:\/\/www.verpoucke.com\/fr\/wp-json\/wp\/v2\/matador-categories?post=34042"},{"taxonomy":"matador-locations","embeddable":true,"href":"https:\/\/www.verpoucke.com\/fr\/wp-json\/wp\/v2\/matador-locations?post=34042"},{"taxonomy":"matador-types","embeddable":true,"href":"https:\/\/www.verpoucke.com\/fr\/wp-json\/wp\/v2\/matador-types?post=34042"},{"taxonomy":"matador-locatie-nl","embeddable":true,"href":"https:\/\/www.verpoucke.com\/fr\/wp-json\/wp\/v2\/matador-locatie-nl?post=34042"},{"taxonomy":"matador-werkritme-nl","embeddable":true,"href":"https:\/\/www.verpoucke.com\/fr\/wp-json\/wp\/v2\/matador-werkritme-nl?post=34042"},{"taxonomy":"matador-diploma-nl","embeddable":true,"href":"https:\/\/www.verpoucke.com\/fr\/wp-json\/wp\/v2\/matador-diploma-nl?post=34042"},{"taxonomy":"matador-industries","embeddable":true,"href":"https:\/\/www.verpoucke.com\/fr\/wp-json\/wp\/v2\/matador-industries?post=34042"}],"curies":[{"name":"wp","href":"https:\/\/api.w.org\/{rel}","templated":true}]}}